{"id":945,"date":"2025-06-09T08:16:27","date_gmt":"2025-06-09T06:16:27","guid":{"rendered":"https:\/\/chateaudeberthenonville.fr\/?page_id=945"},"modified":"2025-07-12T00:06:54","modified_gmt":"2025-07-11T22:06:54","slug":"musee-temporaire","status":"publish","type":"page","link":"https:\/\/chateaudeberthenonville.fr\/index.php\/musee-temporaire\/","title":{"rendered":"D\u00e9couvrez notre prochaine exposition"},"content":{"rendered":"\t\t<div data-elementor-type=\"wp-page\" data-elementor-id=\"945\" class=\"elementor elementor-945\">\n\t\t\t\t<div class=\"elementor-element elementor-element-dca61eb e-flex e-con-boxed e-con e-parent\" data-id=\"dca61eb\" data-element_type=\"container\" data-e-type=\"container\">\n\t\t\t\t\t<div class=\"e-con-inner\">\n\t\t\t\t<div class=\"elementor-element elementor-element-19f37cb elementor-widget elementor-widget-heading\" data-id=\"19f37cb\" data-element_type=\"widget\" data-e-type=\"widget\" data-widget_type=\"heading.default\">\n\t\t\t\t<div class=\"elementor-widget-container\">\n\t\t\t\t\t<h2 class=\"elementor-heading-title elementor-size-default\"><span style=\"color: #808080\">Le v\u00eatement ouvrier et bourgeois au XIX\u00e8me si\u00e8cle dans les communs du ch\u00e2teau<\/span><\/h2>\t\t\t\t<\/div>\n\t\t\t\t<\/div>\n\t\t\t\t<div class=\"elementor-element elementor-element-6211ff1 elementor-widget elementor-widget-text-editor\" data-id=\"6211ff1\" data-element_type=\"widget\" data-e-type=\"widget\" data-widget_type=\"text-editor.default\">\n\t\t\t\t<div class=\"elementor-widget-container\">\n\t\t\t\t\t\t\t\t\t<p><span style=\"font-size: 12px; font-family: Tahoma, Arial, Helvetica, sans-serif;\"><strong>La nuit des Ch\u00e2teaux 2025<br \/><\/strong><\/span><span style=\"font-size: 12px; font-family: Tahoma, Arial, Helvetica, sans-serif;\">(17, 18 &amp; 19 octobre 2025)<\/span><\/p>\t\t\t\t\t\t\t\t<\/div>\n\t\t\t\t<\/div>\n\t\t\t\t<div class=\"elementor-element elementor-element-0f6160d elementor-widget elementor-widget-text-editor\" data-id=\"0f6160d\" data-element_type=\"widget\" data-e-type=\"widget\" data-widget_type=\"text-editor.default\">\n\t\t\t\t<div class=\"elementor-widget-container\">\n\t\t\t\t\t\t\t\t\t<p>Pour la premi\u00e8re fois, le Ch\u00e2teau de Berthenonville ouvre ses \u00e9curies au public dans le cadre de l\u2019exposition \u00ab Le v\u00eatement ouvrier et bourgeois au XIX\u00e8me si\u00e8cle \u00bb.<\/p><p>Gr\u00e2ce \u00e0 des photographies, des sons, des senteurs, des objets et v\u00eatements de l\u2019\u00e9poque, venez, petits et grands, costum\u00e9s ou non, vivre une exp\u00e9rience sensorielle \u00e0 travers le XIXe si\u00e8cle.<\/p><p>Vous d\u00e9couvrirez, par le biais d&rsquo;un parcours int\u00e9rieur et ext\u00e9rieur, les m\u00e9tiers d\u2019ouvriers, serviteurs et bourgeois ainsi que leur fa\u00e7on de s&rsquo;habiller.<\/p>\t\t\t\t\t\t\t\t<\/div>\n\t\t\t\t<\/div>\n\t\t\t\t<div class=\"elementor-element elementor-element-f2ba8bd elementor-widget elementor-widget-image\" data-id=\"f2ba8bd\" data-element_type=\"widget\" data-e-type=\"widget\" data-widget_type=\"image.default\">\n\t\t\t\t<div class=\"elementor-widget-container\">\n\t\t\t\t\t\t\t\t\t\t\t\t\t\t\t<img fetchpriority=\"high\" decoding=\"async\" width=\"269\" height=\"187\" src=\"https:\/\/chateaudeberthenonville.fr\/wp-content\/uploads\/2025\/06\/Le_vetement_bourgeois.jpg\" class=\"attachment-large size-large wp-image-969\" alt=\"\" sizes=\"100vw\" \/>\t\t\t\t\t\t\t\t\t\t\t\t\t\t\t<\/div>\n\t\t\t\t<\/div>\n\t\t\t\t<div class=\"elementor-element elementor-element-aa8bcce elementor-widget elementor-widget-image\" data-id=\"aa8bcce\" data-element_type=\"widget\" data-e-type=\"widget\" data-widget_type=\"image.default\">\n\t\t\t\t<div class=\"elementor-widget-container\">\n\t\t\t\t\t\t\t\t\t\t\t\t\t\t\t<img decoding=\"async\" width=\"582\" height=\"420\" src=\"https:\/\/chateaudeberthenonville.fr\/wp-content\/uploads\/2025\/06\/Le_vetement_ouvrier.jpg\" class=\"attachment-large size-large wp-image-968\" alt=\"\" srcset=\"https:\/\/chateaudeberthenonville.fr\/wp-content\/uploads\/2025\/06\/Le_vetement_ouvrier.jpg 582w, https:\/\/chateaudeberthenonville.fr\/wp-content\/uploads\/2025\/06\/Le_vetement_ouvrier-300x216.jpg 300w\" sizes=\"100vw\" \/>\t\t\t\t\t\t\t\t\t\t\t\t\t\t\t<\/div>\n\t\t\t\t<\/div>\n\t\t\t\t<div class=\"elementor-element elementor-element-2e86081 elementor-widget elementor-widget-text-editor\" data-id=\"2e86081\" data-element_type=\"widget\" data-e-type=\"widget\" data-widget_type=\"text-editor.default\">\n\t\t\t\t<div class=\"elementor-widget-container\">\n\t\t\t\t\t\t\t\t\t<pre>(<a href=\"http:\/\/www.nuitdeschateaux.com\">La nuit des ch\u00e2teaux \u00e9dition 2025<\/a>)<\/pre>\t\t\t\t\t\t\t\t<\/div>\n\t\t\t\t<\/div>\n\t\t\t\t<div class=\"elementor-element elementor-element-7a8016e elementor-widget elementor-widget-image\" data-id=\"7a8016e\" data-element_type=\"widget\" data-e-type=\"widget\" data-widget_type=\"image.default\">\n\t\t\t\t<div class=\"elementor-widget-container\">\n\t\t\t\t\t\t\t\t\t\t\t\t\t\t\t<img decoding=\"async\" width=\"700\" height=\"400\" src=\"https:\/\/chateaudeberthenonville.fr\/wp-content\/uploads\/2025\/06\/LaNuitDesChateaux2025-700x400.jpg\" class=\"attachment-large size-large wp-image-960\" alt=\"La nuit des Ch\u00e2teaux 2025 au ch\u00e2teau de Berthenonville\" srcset=\"https:\/\/chateaudeberthenonville.fr\/wp-content\/uploads\/2025\/06\/LaNuitDesChateaux2025-700x400.jpg 700w, https:\/\/chateaudeberthenonville.fr\/wp-content\/uploads\/2025\/06\/LaNuitDesChateaux2025-300x171.jpg 300w, https:\/\/chateaudeberthenonville.fr\/wp-content\/uploads\/2025\/06\/LaNuitDesChateaux2025-768x439.jpg 768w, https:\/\/chateaudeberthenonville.fr\/wp-content\/uploads\/2025\/06\/LaNuitDesChateaux2025-1536x877.jpg 1536w, https:\/\/chateaudeberthenonville.fr\/wp-content\/uploads\/2025\/06\/LaNuitDesChateaux2025.jpg 2000w\" sizes=\"100vw\" \/>\t\t\t\t\t\t\t\t\t\t\t\t\t\t\t<\/div>\n\t\t\t\t<\/div>\n\t\t\t\t\t<\/div>\n\t\t\t\t<\/div>\n\t\t\t\t<\/div>\n\t\t","protected":false},"excerpt":{"rendered":"<p>Le v\u00eatement ouvrier et bourgeois au XIX\u00e8me si\u00e8cle dans les communs du ch\u00e2teau La nuit des Ch\u00e2teaux 2025(17, 18 &amp; 19 octobre 2025) Pour la premi\u00e8re fois, le Ch\u00e2teau de Berthenonville ouvre ses \u00e9curies au public dans le cadre de l\u2019exposition \u00ab Le v\u00eatement ouvrier et bourgeois au XIX\u00e8me si\u00e8cle \u00bb. Gr\u00e2ce \u00e0 des photographies, &hellip; <\/p>\n<p class=\"link-more\"><a href=\"https:\/\/chateaudeberthenonville.fr\/index.php\/musee-temporaire\/\" class=\"more-link\">Continuer la lecture<span class=\"screen-reader-text\"> de &laquo;&nbsp;D\u00e9couvrez notre prochaine exposition&nbsp;&raquo;<\/span><\/a><\/p>\n","protected":false},"author":1,"featured_media":0,"parent":0,"menu_order":0,"comment_status":"closed","ping_status":"closed","template":"","meta":{"footnotes":""},"class_list":["post-945","page","type-page","status-publish","hentry"],"yoast_head":"<!-- This site is optimized with the Yoast SEO plugin v27.3 - https:\/\/yoast.com\/product\/yoast-seo-wordpress\/ -->\n<title>D\u00e9couvrez notre prochaine exposition | Ch\u00e2teau de Berthenonville<\/title>\n<meta name=\"robots\" content=\"index, follow, max-snippet:-1, max-image-preview:large, max-video-preview:-1\" \/>\n<link rel=\"canonical\" href=\"https:\/\/chateaudeberthenonville.fr\/index.php\/musee-temporaire\/\" \/>\n<meta property=\"og:locale\" content=\"fr_FR\" \/>\n<meta property=\"og:type\" content=\"article\" \/>\n<meta property=\"og:title\" content=\"D\u00e9couvrez notre prochaine exposition | Ch\u00e2teau de Berthenonville\" \/>\n<meta property=\"og:description\" content=\"Le v\u00eatement ouvrier et bourgeois au XIX\u00e8me si\u00e8cle dans les communs du ch\u00e2teau La nuit des Ch\u00e2teaux 2025(17, 18 &amp; 19 octobre 2025) Pour la premi\u00e8re fois, le Ch\u00e2teau de Berthenonville ouvre ses \u00e9curies au public dans le cadre de l\u2019exposition \u00ab Le v\u00eatement ouvrier et bourgeois au XIX\u00e8me si\u00e8cle \u00bb. Gr\u00e2ce \u00e0 des photographies, &hellip; Continuer la lecture de &laquo;&nbsp;D\u00e9couvrez notre prochaine exposition&nbsp;&raquo;\" \/>\n<meta property=\"og:url\" content=\"https:\/\/chateaudeberthenonville.fr\/index.php\/musee-temporaire\/\" \/>\n<meta property=\"og:site_name\" content=\"Ch\u00e2teau de Berthenonville\" \/>\n<meta property=\"article:publisher\" content=\"https:\/\/www.facebook.com\/Ch%c3%a2teau-de-Berthenonville-102554428497239\/\" \/>\n<meta property=\"article:modified_time\" content=\"2025-07-11T22:06:54+00:00\" \/>\n<meta property=\"og:image\" content=\"https:\/\/chateaudeberthenonville.fr\/wp-content\/uploads\/2025\/06\/Le_vetement_bourgeois.jpg\" \/>\n\t<meta property=\"og:image:width\" content=\"269\" \/>\n\t<meta property=\"og:image:height\" content=\"187\" \/>\n\t<meta property=\"og:image:type\" content=\"image\/jpeg\" \/>\n<script type=\"application\/ld+json\" class=\"yoast-schema-graph\">{\"@context\":\"https:\\\/\\\/schema.org\",\"@graph\":[{\"@type\":\"WebPage\",\"@id\":\"https:\\\/\\\/chateaudeberthenonville.fr\\\/index.php\\\/musee-temporaire\\\/\",\"url\":\"https:\\\/\\\/chateaudeberthenonville.fr\\\/index.php\\\/musee-temporaire\\\/\",\"name\":\"D\u00e9couvrez notre prochaine exposition | Ch\u00e2teau de Berthenonville\",\"isPartOf\":{\"@id\":\"https:\\\/\\\/chateaudeberthenonville.fr\\\/#website\"},\"primaryImageOfPage\":{\"@id\":\"https:\\\/\\\/chateaudeberthenonville.fr\\\/index.php\\\/musee-temporaire\\\/#primaryimage\"},\"image\":{\"@id\":\"https:\\\/\\\/chateaudeberthenonville.fr\\\/index.php\\\/musee-temporaire\\\/#primaryimage\"},\"thumbnailUrl\":\"https:\\\/\\\/chateaudeberthenonville.fr\\\/wp-content\\\/uploads\\\/2025\\\/06\\\/Le_vetement_bourgeois.jpg\",\"datePublished\":\"2025-06-09T06:16:27+00:00\",\"dateModified\":\"2025-07-11T22:06:54+00:00\",\"breadcrumb\":{\"@id\":\"https:\\\/\\\/chateaudeberthenonville.fr\\\/index.php\\\/musee-temporaire\\\/#breadcrumb\"},\"inLanguage\":\"fr-FR\",\"potentialAction\":[{\"@type\":\"ReadAction\",\"target\":[\"https:\\\/\\\/chateaudeberthenonville.fr\\\/index.php\\\/musee-temporaire\\\/\"]}]},{\"@type\":\"ImageObject\",\"inLanguage\":\"fr-FR\",\"@id\":\"https:\\\/\\\/chateaudeberthenonville.fr\\\/index.php\\\/musee-temporaire\\\/#primaryimage\",\"url\":\"https:\\\/\\\/chateaudeberthenonville.fr\\\/wp-content\\\/uploads\\\/2025\\\/06\\\/Le_vetement_bourgeois.jpg\",\"contentUrl\":\"https:\\\/\\\/chateaudeberthenonville.fr\\\/wp-content\\\/uploads\\\/2025\\\/06\\\/Le_vetement_bourgeois.jpg\",\"width\":269,\"height\":187},{\"@type\":\"BreadcrumbList\",\"@id\":\"https:\\\/\\\/chateaudeberthenonville.fr\\\/index.php\\\/musee-temporaire\\\/#breadcrumb\",\"itemListElement\":[{\"@type\":\"ListItem\",\"position\":1,\"name\":\"Accueil\",\"item\":\"https:\\\/\\\/chateaudeberthenonville.fr\\\/\"},{\"@type\":\"ListItem\",\"position\":2,\"name\":\"D\u00e9couvrez notre prochaine exposition\"}]},{\"@type\":\"WebSite\",\"@id\":\"https:\\\/\\\/chateaudeberthenonville.fr\\\/#website\",\"url\":\"https:\\\/\\\/chateaudeberthenonville.fr\\\/\",\"name\":\"Ch\u00e2teau de Berthenonville\",\"description\":\"Une demeure familiale en Normandie\",\"publisher\":{\"@id\":\"https:\\\/\\\/chateaudeberthenonville.fr\\\/#organization\"},\"potentialAction\":[{\"@type\":\"SearchAction\",\"target\":{\"@type\":\"EntryPoint\",\"urlTemplate\":\"https:\\\/\\\/chateaudeberthenonville.fr\\\/?s={search_term_string}\"},\"query-input\":{\"@type\":\"PropertyValueSpecification\",\"valueRequired\":true,\"valueName\":\"search_term_string\"}}],\"inLanguage\":\"fr-FR\"},{\"@type\":\"Organization\",\"@id\":\"https:\\\/\\\/chateaudeberthenonville.fr\\\/#organization\",\"name\":\"Ch\u00e2teau de Berthenonville\",\"url\":\"https:\\\/\\\/chateaudeberthenonville.fr\\\/\",\"logo\":{\"@type\":\"ImageObject\",\"inLanguage\":\"fr-FR\",\"@id\":\"https:\\\/\\\/chateaudeberthenonville.fr\\\/#\\\/schema\\\/logo\\\/image\\\/\",\"url\":\"https:\\\/\\\/chateaudeberthenonville.fr\\\/wp-content\\\/uploads\\\/2025\\\/06\\\/cropped-chateau-de-b-logo-1.png\",\"contentUrl\":\"https:\\\/\\\/chateaudeberthenonville.fr\\\/wp-content\\\/uploads\\\/2025\\\/06\\\/cropped-chateau-de-b-logo-1.png\",\"width\":512,\"height\":512,\"caption\":\"Ch\u00e2teau de Berthenonville\"},\"image\":{\"@id\":\"https:\\\/\\\/chateaudeberthenonville.fr\\\/#\\\/schema\\\/logo\\\/image\\\/\"},\"sameAs\":[\"https:\\\/\\\/www.facebook.com\\\/Ch\u00e2teau-de-Berthenonville-102554428497239\\\/\",\"https:\\\/\\\/www.instagram.com\\\/chateau_de_berthenonville_\\\/\"]}]}<\/script>\n<!-- \/ Yoast SEO plugin. -->","yoast_head_json":{"title":"D\u00e9couvrez notre prochaine exposition | Ch\u00e2teau de Berthenonville","robots":{"index":"index","follow":"follow","max-snippet":"max-snippet:-1","max-image-preview":"max-image-preview:large","max-video-preview":"max-video-preview:-1"},"canonical":"https:\/\/chateaudeberthenonville.fr\/index.php\/musee-temporaire\/","og_locale":"fr_FR","og_type":"article","og_title":"D\u00e9couvrez notre prochaine exposition | Ch\u00e2teau de Berthenonville","og_description":"Le v\u00eatement ouvrier et bourgeois au XIX\u00e8me si\u00e8cle dans les communs du ch\u00e2teau La nuit des Ch\u00e2teaux 2025(17, 18 &amp; 19 octobre 2025) Pour la premi\u00e8re fois, le Ch\u00e2teau de Berthenonville ouvre ses \u00e9curies au public dans le cadre de l\u2019exposition \u00ab Le v\u00eatement ouvrier et bourgeois au XIX\u00e8me si\u00e8cle \u00bb. Gr\u00e2ce \u00e0 des photographies, &hellip; Continuer la lecture de &laquo;&nbsp;D\u00e9couvrez notre prochaine exposition&nbsp;&raquo;","og_url":"https:\/\/chateaudeberthenonville.fr\/index.php\/musee-temporaire\/","og_site_name":"Ch\u00e2teau de Berthenonville","article_publisher":"https:\/\/www.facebook.com\/Ch%c3%a2teau-de-Berthenonville-102554428497239\/","article_modified_time":"2025-07-11T22:06:54+00:00","og_image":[{"width":269,"height":187,"url":"https:\/\/chateaudeberthenonville.fr\/wp-content\/uploads\/2025\/06\/Le_vetement_bourgeois.jpg","type":"image\/jpeg"}],"schema":{"@context":"https:\/\/schema.org","@graph":[{"@type":"WebPage","@id":"https:\/\/chateaudeberthenonville.fr\/index.php\/musee-temporaire\/","url":"https:\/\/chateaudeberthenonville.fr\/index.php\/musee-temporaire\/","name":"D\u00e9couvrez notre prochaine exposition | Ch\u00e2teau de Berthenonville","isPartOf":{"@id":"https:\/\/chateaudeberthenonville.fr\/#website"},"primaryImageOfPage":{"@id":"https:\/\/chateaudeberthenonville.fr\/index.php\/musee-temporaire\/#primaryimage"},"image":{"@id":"https:\/\/chateaudeberthenonville.fr\/index.php\/musee-temporaire\/#primaryimage"},"thumbnailUrl":"https:\/\/chateaudeberthenonville.fr\/wp-content\/uploads\/2025\/06\/Le_vetement_bourgeois.jpg","datePublished":"2025-06-09T06:16:27+00:00","dateModified":"2025-07-11T22:06:54+00:00","breadcrumb":{"@id":"https:\/\/chateaudeberthenonville.fr\/index.php\/musee-temporaire\/#breadcrumb"},"inLanguage":"fr-FR","potentialAction":[{"@type":"ReadAction","target":["https:\/\/chateaudeberthenonville.fr\/index.php\/musee-temporaire\/"]}]},{"@type":"ImageObject","inLanguage":"fr-FR","@id":"https:\/\/chateaudeberthenonville.fr\/index.php\/musee-temporaire\/#primaryimage","url":"https:\/\/chateaudeberthenonville.fr\/wp-content\/uploads\/2025\/06\/Le_vetement_bourgeois.jpg","contentUrl":"https:\/\/chateaudeberthenonville.fr\/wp-content\/uploads\/2025\/06\/Le_vetement_bourgeois.jpg","width":269,"height":187},{"@type":"BreadcrumbList","@id":"https:\/\/chateaudeberthenonville.fr\/index.php\/musee-temporaire\/#breadcrumb","itemListElement":[{"@type":"ListItem","position":1,"name":"Accueil","item":"https:\/\/chateaudeberthenonville.fr\/"},{"@type":"ListItem","position":2,"name":"D\u00e9couvrez notre prochaine exposition"}]},{"@type":"WebSite","@id":"https:\/\/chateaudeberthenonville.fr\/#website","url":"https:\/\/chateaudeberthenonville.fr\/","name":"Ch\u00e2teau de Berthenonville","description":"Une demeure familiale en Normandie","publisher":{"@id":"https:\/\/chateaudeberthenonville.fr\/#organization"},"potentialAction":[{"@type":"SearchAction","target":{"@type":"EntryPoint","urlTemplate":"https:\/\/chateaudeberthenonville.fr\/?s={search_term_string}"},"query-input":{"@type":"PropertyValueSpecification","valueRequired":true,"valueName":"search_term_string"}}],"inLanguage":"fr-FR"},{"@type":"Organization","@id":"https:\/\/chateaudeberthenonville.fr\/#organization","name":"Ch\u00e2teau de Berthenonville","url":"https:\/\/chateaudeberthenonville.fr\/","logo":{"@type":"ImageObject","inLanguage":"fr-FR","@id":"https:\/\/chateaudeberthenonville.fr\/#\/schema\/logo\/image\/","url":"https:\/\/chateaudeberthenonville.fr\/wp-content\/uploads\/2025\/06\/cropped-chateau-de-b-logo-1.png","contentUrl":"https:\/\/chateaudeberthenonville.fr\/wp-content\/uploads\/2025\/06\/cropped-chateau-de-b-logo-1.png","width":512,"height":512,"caption":"Ch\u00e2teau de Berthenonville"},"image":{"@id":"https:\/\/chateaudeberthenonville.fr\/#\/schema\/logo\/image\/"},"sameAs":["https:\/\/www.facebook.com\/Ch\u00e2teau-de-Berthenonville-102554428497239\/","https:\/\/www.instagram.com\/chateau_de_berthenonville_\/"]}]}},"_links":{"self":[{"href":"https:\/\/chateaudeberthenonville.fr\/index.php\/wp-json\/wp\/v2\/pages\/945","targetHints":{"allow":["GET"]}}],"collection":[{"href":"https:\/\/chateaudeberthenonville.fr\/index.php\/wp-json\/wp\/v2\/pages"}],"about":[{"href":"https:\/\/chateaudeberthenonville.fr\/index.php\/wp-json\/wp\/v2\/types\/page"}],"author":[{"embeddable":true,"href":"https:\/\/chateaudeberthenonville.fr\/index.php\/wp-json\/wp\/v2\/users\/1"}],"replies":[{"embeddable":true,"href":"https:\/\/chateaudeberthenonville.fr\/index.php\/wp-json\/wp\/v2\/comments?post=945"}],"version-history":[{"count":46,"href":"https:\/\/chateaudeberthenonville.fr\/index.php\/wp-json\/wp\/v2\/pages\/945\/revisions"}],"predecessor-version":[{"id":1346,"href":"https:\/\/chateaudeberthenonville.fr\/index.php\/wp-json\/wp\/v2\/pages\/945\/revisions\/1346"}],"wp:attachment":[{"href":"https:\/\/chateaudeberthenonville.fr\/index.php\/wp-json\/wp\/v2\/media?parent=945"}],"curies":[{"name":"wp","href":"https:\/\/api.w.org\/{rel}","templated":true}]}}